{"id":26,"date":"2019-02-11T13:45:17","date_gmt":"2019-02-11T13:45:17","guid":{"rendered":"http:\/\/new.specialeimoveis.com.br\/?page_id=26"},"modified":"2022-03-23T18:17:00","modified_gmt":"2022-03-23T15:17:00","slug":"contato","status":"publish","type":"page","link":"https:\/\/specialeimoveis.com.br\/index.php\/contato\/","title":{"rendered":"CONTATO"},"content":{"rendered":"<section class=\"wpb-content-wrapper\"><p>[vc_row][vc_column width=&#8221;1\/2&#8243;][vc_column_text]<\/p>\n<h4>Preencha os campos abaixo, ser\u00e1 um prazer atend\u00ea-lo.<\/h4>\n<p>[\/vc_column_text]\n<div class=\"wpcf7 no-js\" id=\"wpcf7-f97-o1\" lang=\"pt-BR\" dir=\"ltr\">\n<div class=\"screen-reader-response\"><p role=\"status\" aria-live=\"polite\" aria-atomic=\"true\"><\/p> <ul><\/ul><\/div>\n<form action=\"\/index.php\/wp-json\/wp\/v2\/pages\/26#wpcf7-f97-o1\" method=\"post\" class=\"wpcf7-form init\" aria-label=\"Formul\u00e1rios de contato\" novalidate=\"novalidate\" data-status=\"init\">\n<div style=\"display: none;\">\n<input type=\"hidden\" name=\"_wpcf7\" value=\"97\" \/>\n<input type=\"hidden\" name=\"_wpcf7_version\" value=\"5.7.7\" \/>\n<input type=\"hidden\" name=\"_wpcf7_locale\" value=\"pt_BR\" \/>\n<input type=\"hidden\" name=\"_wpcf7_unit_tag\" value=\"wpcf7-f97-o1\" \/>\n<input type=\"hidden\" name=\"_wpcf7_container_post\" value=\"0\" \/>\n<input type=\"hidden\" name=\"_wpcf7_posted_data_hash\" value=\"\" \/>\n<\/div>\n<p><span class=\"wpcf7-form-control-wrap\" data-name=\"Nome\"><input size=\"40\" class=\"wpcf7-form-control wpcf7-text wpcf7-validates-as-required\" aria-required=\"true\" aria-invalid=\"false\" placeholder=\"Nome\" value=\"\" type=\"text\" name=\"Nome\" \/><\/span>\n<\/p>\n<p><span class=\"wpcf7-form-control-wrap\" data-name=\"Email\"><input size=\"40\" class=\"wpcf7-form-control wpcf7-text wpcf7-email wpcf7-validates-as-required wpcf7-validates-as-email\" aria-required=\"true\" aria-invalid=\"false\" placeholder=\"Email\" value=\"\" type=\"email\" name=\"Email\" \/><\/span>\n<\/p>\n<p><span class=\"wpcf7-form-control-wrap\" data-name=\"tel-165\"><input size=\"40\" class=\"wpcf7-form-control wpcf7-text wpcf7-tel wpcf7-validates-as-required wpcf7-validates-as-tel\" aria-required=\"true\" aria-invalid=\"false\" placeholder=\"Telefone com DDD\" value=\"\" type=\"tel\" name=\"tel-165\" \/><\/span>\n<\/p>\n<p><span class=\"wpcf7-form-control-wrap\" data-name=\"Mensagem\"><textarea cols=\"40\" rows=\"10\" class=\"wpcf7-form-control wpcf7-textarea\" aria-invalid=\"false\" placeholder=\"Mensagem\" name=\"Mensagem\"><\/textarea><\/span>\n<\/p>\n<p><input class=\"wpcf7-form-control has-spinner wpcf7-submit\" type=\"submit\" value=\"Enviar\" \/>\n<\/p><div class=\"wpcf7-response-output\" aria-hidden=\"true\"><\/div>\n<\/form>\n<\/div>\n[\/vc_column][vc_column width=&#8221;1\/2&#8243;][vc_column_text]<\/p>\n<h4>Se preferir utilize um dos canais abaixo:<\/h4>\n<p>[\/vc_column_text][vc_column_text]<strong>Telefone:<\/strong> (11) 2236-0483<br \/>\n<strong>E-mail:<\/strong> speciale@specialeimoveis.com.br[\/vc_column_text][vc_column_text]<\/p>\n<h4>Onde estamos:<\/h4>\n<p>[\/vc_column_text][vc_column_text]<strong>Unidade Centro:<\/strong> Rua Nestor Pestana, 125 \u2013 Cj. 73<br \/>\nConsola\u00e7\u00e3o &#8211; S\u00e3o Paulo\/SP \u2013 01303-010<\/p>\n<p><strong>Unidade Norte:<\/strong> Rua Alfredo Pujol, 285 \u2013 Cj. 112<br \/>\nSantana &#8211; S\u00e3o Paulo\/SP \u2013 02017-010[\/vc_column_text][\/vc_column][\/vc_row][vc_row margin_bottom=&#8221;-60&#8243; full_width_row=&#8221;true&#8221;][vc_column][vc_row_inner][vc_column_inner width=&#8221;1\/2&#8243;][vc_column_text]<iframe loading=\"lazy\" style=\"border: 0;\" src=\"https:\/\/www.google.com\/maps\/embed?pb=!1m18!1m12!1m3!1d3657.54956121024!2d-46.64745768442801!3d-23.54869806701125!2m3!1f0!2f0!3f0!3m2!1i1024!2i768!4f13.1!3m3!1m2!1s0x94ce584c69934547%3A0x6ec2331f5a73f173!2sR.+Nestor+Pestana%2C+125+-+Consola%C3%A7%C3%A3o%2C+S%C3%A3o+Paulo+-+SP%2C+01303-010!5e0!3m2!1spt-BR!2sbr!4v1550756095445\" width=\"100%\" height=\"400\" frameborder=\"0\" allowfullscreen=\"allowfullscreen\"><\/iframe>[\/vc_column_text][\/vc_column_inner][vc_column_inner width=&#8221;1\/2&#8243;][vc_column_text]<iframe loading=\"lazy\" style=\"border: 0;\" src=\"https:\/\/www.google.com\/maps\/embed?pb=!1m18!1m12!1m3!1d3658.8874563379204!2d-46.63083078442914!3d-23.500562865236287!2m3!1f0!2f0!3f0!3m2!1i1024!2i768!4f13.1!3m3!1m2!1s0x94cef62db69e86cb%3A0xf1c20fa0fe5e902d!2sR.+Alfredo+Pujol%2C+285+-+Santana%2C+S%C3%A3o+Paulo+-+SP%2C+02017-007!5e0!3m2!1spt-BR!2sbr!4v1550756189845\" width=\"100%\" height=\"400\" frameborder=\"0\" allowfullscreen=\"allowfullscreen\"><\/iframe>[\/vc_column_text][\/vc_column_inner][\/vc_row_inner][\/vc_column][\/vc_row]<\/p>\n<\/section>","protected":false},"excerpt":{"rendered":"<p>[vc_row][vc_column width=&#8221;1\/2&#8243;][vc_column_text] Preencha os campos abaixo, ser\u00e1 um prazer atend\u00ea-lo. [\/vc_column_text][\/vc_column][vc_column width=&#8221;1\/2&#8243;][vc_column_text] Se preferir utilize um dos canais abaixo: [\/vc_column_text][vc_column_text]Telefone: (11) 2236-0483 E-mail: speciale@specialeimoveis.com.br[\/vc_column_text][vc_column_text] Onde estamos: [\/vc_column_text][vc_column_text]Unidade Centro: Rua Nestor Pestana, 125 \u2013 Cj. 73 Consola\u00e7\u00e3o &#8211; S\u00e3o Paulo\/SP \u2013 01303-010 Unidade Norte: Rua Alfredo Pujol, 285 \u2013 Cj. 112 Santana &#8211; S\u00e3o Paulo\/SP \u2013&hellip;<\/p>\n","protected":false},"author":2,"featured_media":0,"parent":0,"menu_order":0,"comment_status":"closed","ping_status":"closed","template":"template-microsite.php","meta":[],"_links":{"self":[{"href":"https:\/\/specialeimoveis.com.br\/index.php\/wp-json\/wp\/v2\/pages\/26"}],"collection":[{"href":"https:\/\/specialeimoveis.com.br\/index.php\/wp-json\/wp\/v2\/pages"}],"about":[{"href":"https:\/\/specialeimoveis.com.br\/index.php\/wp-json\/wp\/v2\/types\/page"}],"author":[{"embeddable":true,"href":"https:\/\/specialeimoveis.com.br\/index.php\/wp-json\/wp\/v2\/users\/2"}],"replies":[{"embeddable":true,"href":"https:\/\/specialeimoveis.com.br\/index.php\/wp-json\/wp\/v2\/comments?post=26"}],"version-history":[{"count":7,"href":"https:\/\/specialeimoveis.com.br\/index.php\/wp-json\/wp\/v2\/pages\/26\/revisions"}],"predecessor-version":[{"id":103,"href":"https:\/\/specialeimoveis.com.br\/index.php\/wp-json\/wp\/v2\/pages\/26\/revisions\/103"}],"wp:attachment":[{"href":"https:\/\/specialeimoveis.com.br\/index.php\/wp-json\/wp\/v2\/media?parent=26"}],"curies":[{"name":"wp","href":"https:\/\/api.w.org\/{rel}","templated":true}]}}